{"id":27,"date":"2012-10-16T21:40:55","date_gmt":"2012-10-16T19:40:55","guid":{"rendered":"http:\/\/www.seilverhau.de\/?page_id=27"},"modified":"2021-11-02T21:22:38","modified_gmt":"2021-11-02T19:22:38","slug":"klettern","status":"publish","type":"page","link":"https:\/\/www.seilverhau.de\/?page_id=27","title":{"rendered":"klettern"},"content":{"rendered":"\n\n<table id=\"tablepress-68\" class=\"tablepress tablepress-id-68\">\n<thead>\n<tr class=\"row-1\">\n\t<th class=\"column-1\">Datum<\/th><th class=\"column-2\">Gebiet<\/th><th class=\"column-3\">Ziel(e)<\/th><th class=\"column-4\">Gipfelh\u00f6he (m)<\/th><th class=\"column-5\">Schw.keit<\/th><th class=\"column-6\">Kommentar<\/th>\n<\/tr>\n<\/thead>\n<tbody class=\"row-striping row-hover\">\n<tr class=\"row-2\">\n\t<td class=\"column-1\">08.07.2023<\/td><td class=\"column-2\">Wilder Kaiser, Griesner Alm<\/td><td class=\"column-3\"><a href=\"https:\/\/photos.app.goo.gl\/YkK2Pw2zPCiL2neJ6\" target=\"_blank\" rel=\"noopener noreferrer\">Totenkirchl, F\u00fchrerweg<\/a><\/td><td class=\"column-4\">2190<\/td><td class=\"column-5\">III<\/td><td class=\"column-6\"><\/td>\n<\/tr>\n<tr class=\"row-3\">\n\t<td class=\"column-1\">01.07.2023<\/td><td class=\"column-2\">Bayerischer Wald, Bad K\u00f6tzting<\/td><td class=\"column-3\">Kaitersberg, PFZ, Klettergarten<\/td><td class=\"column-4\"><\/td><td class=\"column-5\">VI<\/td><td class=\"column-6\"><\/td>\n<\/tr>\n<tr class=\"row-4\">\n\t<td class=\"column-1\">24.06.2023<\/td><td class=\"column-2\">Bayerische Voralpen, Oberammergau<\/td><td class=\"column-3\">Kofel, Marxersteig, Klettergarten<\/td><td class=\"column-4\"><\/td><td class=\"column-5\">V<\/td><td class=\"column-6\"><\/td>\n<\/tr>\n<tr class=\"row-5\">\n\t<td class=\"column-1\">10.06.2023<\/td><td class=\"column-2\">Mieminger Gebirge, Nassereith<\/td><td class=\"column-3\">Gamspfeiler, Klettergarten<\/td><td class=\"column-4\"><\/td><td class=\"column-5\">V+<\/td><td class=\"column-6\"><\/td>\n<\/tr>\n<tr class=\"row-6\">\n\t<td class=\"column-1\">09.06.2023<\/td><td class=\"column-2\">Mieminger Gebirge, Imst\/ Karres<\/td><td class=\"column-3\">Rote Wand, Klettergarten<\/td><td class=\"column-4\"><\/td><td class=\"column-5\">VI-<\/td><td class=\"column-6\"><\/td>\n<\/tr>\n<tr class=\"row-7\">\n\t<td class=\"column-1\">20.05.2023<\/td><td class=\"column-2\">Bayerische Voralpen, Spitzingsee<\/td><td class=\"column-3\"><a href=\"https:\/\/photos.app.goo.gl\/E7yPjXuT95w2TCw46\" target=\"_blank\" rel=\"noopener noreferrer\">Krettenburg, Klettergarten<\/a><\/td><td class=\"column-4\"><\/td><td class=\"column-5\">VI-<\/td><td class=\"column-6\"><\/td>\n<\/tr>\n<tr class=\"row-8\">\n\t<td class=\"column-1\">31.10.2022<\/td><td class=\"column-2\">Gardaseeberge, Dro<\/td><td class=\"column-3\"><a href=\"https:\/\/photos.app.goo.gl\/HLSFVtqbtn4ZFasp7\" target=\"_blank\" rel=\"noopener noreferrer\">Cima alle coste, Via La Bellezza Della Venere (9 SL)<\/a><\/td><td class=\"column-4\"><\/td><td class=\"column-5\">V-<\/td><td class=\"column-6\"><\/td>\n<\/tr>\n<tr class=\"row-9\">\n\t<td class=\"column-1\">30.10.2022<\/td><td class=\"column-2\">Gardaseeberge, Arco<\/td><td class=\"column-3\"><a href=\"https:\/\/photos.app.goo.gl\/HLSFVtqbtn4ZFasp7\" target=\"_blank\" rel=\"noopener noreferrer\">Monta Baone, Via Edera (7 SL)<\/a><\/td><td class=\"column-4\">480<\/td><td class=\"column-5\">V<\/td><td class=\"column-6\">mit Einstiegsvariante rechts<\/td>\n<\/tr>\n<tr class=\"row-10\">\n\t<td class=\"column-1\">29.10.2022<\/td><td class=\"column-2\">Gardaseeberge, Santa Massenza<\/td><td class=\"column-3\"><a href=\"https:\/\/photos.app.goo.gl\/HLSFVtqbtn4ZFasp7\" target=\"_blank\" rel=\"noopener noreferrer\">Due Laghi, Via Zanetti (9 SL)<\/a><\/td><td class=\"column-4\"><\/td><td class=\"column-5\">V-<\/td><td class=\"column-6\">inkl. erste L\u00e4nge unterhalb der Lo Spigolo Lacosto<\/td>\n<\/tr>\n<tr class=\"row-11\">\n\t<td class=\"column-1\">09.10.2022<\/td><td class=\"column-2\">Wilder Kaiser, Ellmau<\/td><td class=\"column-3\"><a href=\"https:\/\/photos.app.goo.gl\/czonNrnFmrPmmU9s6\" target=\"_blank\" rel=\"noopener noreferrer\">Vordere Karlspitze, Jakobsweg (7 SL)<\/a><\/td><td class=\"column-4\">2230<\/td><td class=\"column-5\">IV+<\/td><td class=\"column-6\">danach noch in den Klettergarten<\/td>\n<\/tr>\n<tr class=\"row-12\">\n\t<td class=\"column-1\">23.07.2021<\/td><td class=\"column-2\">Zillertaler Alpen, Ginzling\/ Breitlahner<\/td><td class=\"column-3\"><a href=\"http:\/\/www.vogelhansi.de\/?url=2021\/2021_07_23_zsigmondy\/\" target=\"_blank\" rel=\"noopener noreferrer\">Zsigmondyspitze<\/a><\/td><td class=\"column-4\">3089<\/td><td class=\"column-5\">III-<\/td><td class=\"column-6\">von der Berliner H\u00fctte, Normalweg \u00fcber den S\u00fcdgrat<\/td>\n<\/tr>\n<tr class=\"row-13\">\n\t<td class=\"column-1\">14.11.2020<\/td><td class=\"column-2\">Bayerische Voralpen, Fleck bei Lenggries<\/td><td class=\"column-3\"><a href=\"http:\/\/www.seilverhau.de\/alben\/rossstein20\/\" target=\"_blank\" rel=\"noopener noreferrer\">Ro\u00dfstein, S\u00fcdwestplatten und Westpfeiler<\/a><\/td><td class=\"column-4\">1698<\/td><td class=\"column-5\">V+<\/td><td class=\"column-6\">Anfahrt mit dem Bike<\/td>\n<\/tr>\n<tr class=\"row-14\">\n\t<td class=\"column-1\">04.09.2020<\/td><td class=\"column-2\">Wilder Kaiser, Griesenau<\/td><td class=\"column-3\"><a href=\"http:\/\/www.seilverhau.de\/alben\/goinger20\/\" target=\"_blank\" rel=\"noopener noreferrer\">Hintere Goinger Halt, Nordgrat (10 SL)<\/a><\/td><td class=\"column-4\">2192<\/td><td class=\"column-5\">III+<\/td><td class=\"column-6\"><\/td>\n<\/tr>\n<tr class=\"row-15\">\n\t<td class=\"column-1\">03.11.2018<\/td><td class=\"column-2\">Ammergauer Alpen, Oberammergau<\/td><td class=\"column-3\">Gamswand, Klettergarten<\/td><td class=\"column-4\"><\/td><td class=\"column-5\">VI-<\/td><td class=\"column-6\"><\/td>\n<\/tr>\n<tr class=\"row-16\">\n\t<td class=\"column-1\">30.09.2018<\/td><td class=\"column-2\">Karwendel, Falzthurntal\/ Gramaialm<\/td><td class=\"column-3\"><a href=\"http:\/\/www.seilverhau.de\/alben\/lamsen18\/\" target=\"_blank\" rel=\"noopener noreferrer\">Lamsenspitze, Nordostkante (12 SL)<\/a><\/td><td class=\"column-4\">2508<\/td><td class=\"column-5\">IV+<\/td><td class=\"column-6\"><\/td>\n<\/tr>\n<tr class=\"row-17\">\n\t<td class=\"column-1\">01.07.2018<\/td><td class=\"column-2\">Wettersteingebirge, Garmisch-Partenkirchen<\/td><td class=\"column-3\"><a href=\"http:\/\/www.seilverhau.de\/alben\/alpspitze18\/\" target=\"_blank\" rel=\"noopener noreferrer\">Alpspitze, Nebelpartie (8 SL) und Adam-Platte (8 SL)<\/a><\/td><td class=\"column-4\">2629<\/td><td class=\"column-5\">VI- u. IV-<\/td><td class=\"column-6\"><\/td>\n<\/tr>\n<tr class=\"row-18\">\n\t<td class=\"column-1\">10.06.2018<\/td><td class=\"column-2\">Bayerische Voralpen, Ohlstadt<\/td><td class=\"column-3\">Veste Schaumburg, Klettergarten<\/td><td class=\"column-4\"><\/td><td class=\"column-5\">VI-<\/td><td class=\"column-6\"><\/td>\n<\/tr>\n<tr class=\"row-19\">\n\t<td class=\"column-1\">27.08.2017<\/td><td class=\"column-2\">Dolomiten\/ Fanesgruppe, Falzaregopass<\/td><td class=\"column-3\"><a href=\"https:\/\/www.google.de\/maps\/place\/46%C2%B031'30.2%22N+12%C2%B000'46.7%22E\/\" target=\"_blank\" rel=\"noopener noreferrer\">Kleiner Lagazuoi, Klettergarten Spitzer Stein<\/a><\/td><td class=\"column-4\">2778<\/td><td class=\"column-5\">VI<\/td><td class=\"column-6\"><\/td>\n<\/tr>\n<tr class=\"row-20\">\n\t<td class=\"column-1\">26.08.2017<\/td><td class=\"column-2\">Dolomiten\/ Fanesgruppe, Falzaregopass<\/td><td class=\"column-3\"><a href=\"http:\/\/www.seilverhau.de\/alben\/encoulisse17\/\" target=\"_blank\" rel=\"noopener noreferrer\">Pyramide des Col dei B\u00f2s, En Coulisse (11 SL)<\/a><\/td><td class=\"column-4\">2400<\/td><td class=\"column-5\">V<\/td><td class=\"column-6\"><\/td>\n<\/tr>\n<tr class=\"row-21\">\n\t<td class=\"column-1\">25.08.2017<\/td><td class=\"column-2\">Dolomiten\/ Fanesgruppe, Falzaregopass<\/td><td class=\"column-3\"><a href=\"http:\/\/www.seilverhau.de\/alben\/viadelbuco17\/\" target=\"_blank\" rel=\"noopener noreferrer\">Kleiner Lagazuoi, Via del Buco (9 SL)<\/a><\/td><td class=\"column-4\">2778<\/td><td class=\"column-5\">IV<\/td><td class=\"column-6\"><\/td>\n<\/tr>\n<tr class=\"row-22\">\n\t<td class=\"column-1\">09.04.2017<\/td><td class=\"column-2\">Ammergauer Alpen, Oberammergau<\/td><td class=\"column-3\"><a href=\"http:\/\/www.seilverhau.de\/alben\/kofel17\/\" target=\"_blank\" rel=\"noopener noreferrer\">Kofel, Linke Achsel (3 SL) und Kofelt\u00fcrmerl, Normalweg (2 SL)<\/a><\/td><td class=\"column-4\">1342<\/td><td class=\"column-5\">IV<\/td><td class=\"column-6\"><\/td>\n<\/tr>\n<tr class=\"row-23\">\n\t<td class=\"column-1\">24.09.2016<\/td><td class=\"column-2\">Wilder Kaiser, Scheffau<\/td><td class=\"column-3\"><a href=\"http:\/\/www.vogelhansi.de\/index.html?url=2016\/2016_09_24_opa_highway&amp;title=AK%2024.9.%20Kaiser,%20Kopfkraxe,%20Opa%20Highway%20(VI+)\" target=\"_blank\" rel=\"noopener noreferrer\">Kopfkraxen, Opa Highway (12 SL)<\/a><\/td><td class=\"column-4\">2178<\/td><td class=\"column-5\">VI+<\/td><td class=\"column-6\"><\/td>\n<\/tr>\n<tr class=\"row-24\">\n\t<td class=\"column-1\">13.08.2016<\/td><td class=\"column-2\">Wilder Kaiser, Griesenau<\/td><td class=\"column-3\"><a href=\"http:\/\/www.seilverhau.de\/alben\/fleischbank16\/\" target=\"_blank\" rel=\"noopener noreferrer\">Fleischbank, Nordgrat<\/a><\/td><td class=\"column-4\">2186<\/td><td class=\"column-5\">III+<\/td><td class=\"column-6\"><\/td>\n<\/tr>\n<tr class=\"row-25\">\n\t<td class=\"column-1\">31.10.2015<\/td><td class=\"column-2\">Ammergauer Alpen, Oberammergau<\/td><td class=\"column-3\"><a href=\"http:\/\/www.vogelhansi.de\/?url=2015\/2015_10_31_klettern_kofeltuermerl&amp;title=SK%2031.9.%20Klettern%20am%20Kofelt%C3%BCrmerl%20%28III-VI%29\" target=\"_blank\" rel=\"noopener noreferrer\">Kofelt\u00fcrmerl, Reindlkante und Ostwand<\/a><\/td><td class=\"column-4\"><\/td><td class=\"column-5\">VI<\/td><td class=\"column-6\">Normalweg (IV), Reindlkante (V+) und Ostwand (VI)<\/td>\n<\/tr>\n<tr class=\"row-26\">\n\t<td class=\"column-1\">19.09.2015<\/td><td class=\"column-2\">Bayerische Voralpen, Kreuth<\/td><td class=\"column-3\"><a href=\"http:\/\/www.vogelhansi.de\/?url=2015\/2015_09_19_flora_bohra&amp;title=AK%2019.9.%20Leonhardstein%20S%C3%BCdwand%20-%20Flora%20Bohra%20VI\" target=\"_blank\" rel=\"noopener noreferrer\">Leonhardstein, S\u00fcdwand, Flora Bohra (9-10 SL)<\/a><\/td><td class=\"column-4\">1449<\/td><td class=\"column-5\">VI<\/td><td class=\"column-6\"><\/td>\n<\/tr>\n<tr class=\"row-27\">\n\t<td class=\"column-1\">12.09.2015<\/td><td class=\"column-2\">Zillertaler Alpen, Ginzling<\/td><td class=\"column-3\"><a href=\"https:\/\/www.google.de\/maps\/place\/47\u00b003'55.6%22N+11\u00b045'06.8%22E\" target=\"_blank\" rel=\"noopener noreferrer\">Ewige Jagdgr\u00fcnde, Klettergarten ,Sektor Einhorn<\/a><\/td><td class=\"column-4\"><\/td><td class=\"column-5\">VI+<\/td><td class=\"column-6\"><\/td>\n<\/tr>\n<tr class=\"row-28\">\n\t<td class=\"column-1\">26.05.2015<\/td><td class=\"column-2\">Italien, Elba<\/td><td class=\"column-3\">Fetovaia, Ginepro\/ Punta Bianca und Monte San Bartolomeo, Kletterg\u00e4rten<\/td><td class=\"column-4\"><\/td><td class=\"column-5\">VI<\/td><td class=\"column-6\">f\u00fcr den Zustieg zur Punta Bianca h\u00e4tte ich einen GPS-Track<\/td>\n<\/tr>\n<tr class=\"row-29\">\n\t<td class=\"column-1\">23.11.2014<\/td><td class=\"column-2\">Bayerische Voralpen, Valepp\/ Sutten<\/td><td class=\"column-3\"><a href=\"http:\/\/www.seilverhau.de\/alben\/schreistein14\/\" target=\"_blank\" rel=\"noopener noreferrer\">Schreistein, Klettergarten<\/a><\/td><td class=\"column-4\">1594<\/td><td class=\"column-5\">VII-<\/td><td class=\"column-6\">Topof\u00fchrer unter alpinfieber.net<\/td>\n<\/tr>\n<tr class=\"row-30\">\n\t<td class=\"column-1\">04.10.2014<\/td><td class=\"column-2\">Tschechien, Babylon<\/td><td class=\"column-3\"><a href=\"https:\/\/maps.google.de\/maps?q=49.399566,12.868314\" target=\"_blank\" rel=\"noopener noreferrer\">Bahnhof, Klettergarten (ehemaliger Granitsteinbruch)<\/a><\/td><td class=\"column-4\"><\/td><td class=\"column-5\">VI<\/td><td class=\"column-6\"><a href=\"http:\/\/ho.domazlice.cz\/index.php\/babylonsky-lom\" target=\"_blank\" rel=\"noopener noreferrer\">Infos im Netz<\/a><\/td>\n<\/tr>\n<tr class=\"row-31\">\n\t<td class=\"column-1\">08.08.2014<\/td><td class=\"column-2\">Karwendel, Mittenwald<\/td><td class=\"column-3\"><a href=\"http:\/\/www.seilverhau.de\/alben\/vierer14\" target=\"_blank\" rel=\"noopener noreferrer\">Viererspitze S\u00fcdwestgrat (4 SL)<\/a><\/td><td class=\"column-4\">2053<\/td><td class=\"column-5\">IV<\/td><td class=\"column-6\">mit Zustieg durch die vordere Kreuzklamm<\/td>\n<\/tr>\n<tr class=\"row-32\">\n\t<td class=\"column-1\">19.07.2014<\/td><td class=\"column-2\">Fr\u00e4nkische Schweiz, Illschwang<\/td><td class=\"column-3\">Kalmusfels, Lichtenegger Wand<\/td><td class=\"column-4\"><\/td><td class=\"column-5\">VII-<\/td><td class=\"column-6\"><\/td>\n<\/tr>\n<tr class=\"row-33\">\n\t<td class=\"column-1\">26.10.2013<\/td><td class=\"column-2\">Wilder Kaiser, Scheffau<\/td><td class=\"column-3\"><a href=\"http:\/\/www.seilverhau.de\/alben\/zetten13\/\" target=\"_blank\" rel=\"noopener noreferrer\">Zettenkaiser Westgrat, \u00dcberschreitung Scheffauer<\/a><\/td><td class=\"column-4\">2111<\/td><td class=\"column-5\">III\/ A0<\/td><td class=\"column-6\"><\/td>\n<\/tr>\n<tr class=\"row-34\">\n\t<td class=\"column-1\">28.07.2013<\/td><td class=\"column-2\">Bayerische Voralpen, Benediktbeuern<\/td><td class=\"column-3\"><a href=\"http:\/\/www.seilverhau.de\/alben\/benerippe13\/\" target=\"_blank\" rel=\"noopener noreferrer\">Benediktenwand, Rampe-Rippe (13 SL)<\/a><\/td><td class=\"column-4\">1801<\/td><td class=\"column-5\">IV+<\/td><td class=\"column-6\">Bike and Climb<\/td>\n<\/tr>\n<tr class=\"row-35\">\n\t<td class=\"column-1\">21.06.2013<\/td><td class=\"column-2\">Fr\u00e4nkische Schweiz, Velden<\/td><td class=\"column-3\"><a href=\"http:\/\/www.seilverhau.de\/alben\/franken13\/\" target=\"_blank\" rel=\"noopener noreferrer\">Hartenstein, Wei\u00dfenstein, B\u00e4rnhofer Wand, V\u00f6derreuther Wand<\/a><\/td><td class=\"column-4\"><\/td><td class=\"column-5\">VII-<\/td><td class=\"column-6\">inkl. Bismarckgrotte<\/td>\n<\/tr>\n<tr class=\"row-36\">\n\t<td class=\"column-1\">14.10.2012<\/td><td class=\"column-2\">Ammergauer Alpen, Ettal<\/td><td class=\"column-3\"><a href=\"http:\/\/www.seilverhau.de\/alben\/kraxen12\/\" target=\"_blank\" rel=\"noopener noreferrer\">Kraxentrager, Klettergarten<\/a><\/td><td class=\"column-4\"><\/td><td class=\"column-5\">VII+<\/td><td class=\"column-6\"><\/td>\n<\/tr>\n<tr class=\"row-37\">\n\t<td class=\"column-1\">16.09.2012<\/td><td class=\"column-2\">Bayerische Voralpen\/ Mangfallgebirge, Sutten<\/td><td class=\"column-3\"><a href=\"http:\/\/www.seilverhau.de\/alben\/planken12\/\" target=\"_blank\" rel=\"noopener noreferrer\">Plankenstein, Vorgipfel-S\u00fcdwand (2-3 SL)<\/a><\/td><td class=\"column-4\">1768<\/td><td class=\"column-5\">V+<\/td><td class=\"column-6\">inkl. Nadel Westkante (7-), ohne Bilder<\/td>\n<\/tr>\n<tr class=\"row-38\">\n\t<td class=\"column-1\">08.07.2012<\/td><td class=\"column-2\">Bayerische Voralpen\/ Mangfallgebirge, Spitzingsee<\/td><td class=\"column-3\"><a href=\"http:\/\/www.seilverhau.de\/alben\/rotwandkopf12\/\" target=\"_blank\" rel=\"noopener noreferrer\">Rotwandkopf, Blauer Nachmittag (3 SL)<\/a><\/td><td class=\"column-4\">1850<\/td><td class=\"column-5\">VI+<\/td><td class=\"column-6\">Bike and Climb<\/td>\n<\/tr>\n<tr class=\"row-39\">\n\t<td class=\"column-1\">31.10.2011<\/td><td class=\"column-2\">Hohe Tauern, Kals<\/td><td class=\"column-3\"><a href=\"http:\/\/www.seilverhau.de\/alben\/stuedl11\/\" target=\"_blank\" rel=\"noopener noreferrer\">Gro\u00dfglockner, St\u00fcdlgrat<\/a><\/td><td class=\"column-4\">3798<\/td><td class=\"column-5\">III+\/A0<\/td><td class=\"column-6\">mit \u00dcbernachtung im Winterraum der St\u00fcdlh\u00fctte<\/td>\n<\/tr>\n<tr class=\"row-40\">\n\t<td class=\"column-1\">02.10.2011<\/td><td class=\"column-2\">Ammergauer Alpen, Ettal<\/td><td class=\"column-3\"><a href=\"http:\/\/www.seilverhau.de\/alben\/laberdolo11\/\" target=\"_blank\" rel=\"noopener noreferrer\">Laberdolomiten, Klettergarten<\/a><\/td><td class=\"column-4\"><\/td><td class=\"column-5\">VI-<\/td><td class=\"column-6\">wenige 6er, \u00fcberwiegend 7-8er Routen, bis zu vier SL<\/td>\n<\/tr>\n<tr class=\"row-41\">\n\t<td class=\"column-1\">12.08.2011<\/td><td class=\"column-2\">Sextener Dolomiten, Misurina<\/td><td class=\"column-3\"><a href=\"http:\/\/www.seilverhau.de\/alben\/zinne11\/\" target=\"_blank\" rel=\"noopener noreferrer\">Gro\u00dfe Zinne, S\u00fcdwand\/ Normalweg (max. 13 SL)<\/a><\/td><td class=\"column-4\">2999<\/td><td class=\"column-5\">IV-<\/td><td class=\"column-6\">5. Tag in Cortina<\/td>\n<\/tr>\n<tr class=\"row-42\">\n\t<td class=\"column-1\">10.08.2011<\/td><td class=\"column-2\">Dolomiten\/ Cristallogruppe, Cortina D'Ampezzo<\/td><td class=\"column-3\"><a href=\"http:\/\/www.seilverhau.de\/alben\/fiames11\/\" target=\"_blank\" rel=\"noopener noreferrer\">Punta Fiames, S\u00fcdostkante\/ Fiameskante\/ Jori (16 SL)<\/a><\/td><td class=\"column-4\">2240<\/td><td class=\"column-5\">V<\/td><td class=\"column-6\">3. Tag in Cortina<\/td>\n<\/tr>\n<tr class=\"row-43\">\n\t<td class=\"column-1\">08.08.2011<\/td><td class=\"column-2\">Dolomiten\/ Fanesgruppe, Falzaregopass<\/td><td class=\"column-3\"><a href=\"http:\/\/www.seilverhau.de\/alben\/hexen11\/\" target=\"_blank\" rel=\"noopener noreferrer\">Sasso di Stria\/ Hexenstein, S\u00fcdkante (7 SL)<\/a><\/td><td class=\"column-4\">2477<\/td><td class=\"column-5\">IV+<\/td><td class=\"column-6\">Eingehtour am Anreisetag<\/td>\n<\/tr>\n<tr class=\"row-44\">\n\t<td class=\"column-1\">10.07.2011<\/td><td class=\"column-2\">\u00d6tztaler Alpen\/ Kaunertal, Feichten<\/td><td class=\"column-3\"><a href=\"http:\/\/www.seilverhau.de\/alben\/madatsch11\/\" target=\"_blank\" rel=\"noopener noreferrer\">Madatscht\u00fcrme, \u00dcberschreitung (10-12 SL)<\/a><\/td><td class=\"column-4\">2837<\/td><td class=\"column-5\">IV<\/td><td class=\"column-6\">Auf und Ab am Grat in festem Fels, \u00fcberwiegend selbst abzusichern<\/td>\n<\/tr>\n<tr class=\"row-45\">\n\t<td class=\"column-1\">11.05.2011<\/td><td class=\"column-2\">Ammergauer Alpen, Oberammergau<\/td><td class=\"column-3\"><a href=\"http:\/\/www.seilverhau.de\/alben\/laberk11\/\" target=\"_blank\" rel=\"noopener noreferrer\">Laberk\u00f6pferl, Reindl-Kante (7-10 SL)<\/a><\/td><td class=\"column-4\">1411<\/td><td class=\"column-5\">IV<\/td><td class=\"column-6\">genussvolles Saison Warm-up am Fels<\/td>\n<\/tr>\n<tr class=\"row-46\">\n\t<td class=\"column-1\">20.11.2010<\/td><td class=\"column-2\">Ammergauer Alpen, Ettal<\/td><td class=\"column-3\"><a href=\"http:\/\/www.seilverhau.de\/alben\/mandl10\/\" target=\"_blank\" rel=\"noopener noreferrer\">Ettaler Mandl, Westgrat (4 SL)<\/a><\/td><td class=\"column-4\">1633<\/td><td class=\"column-5\">IV<\/td><td class=\"column-6\">spontane winterliche Tour<\/td>\n<\/tr>\n<tr class=\"row-47\">\n\t<td class=\"column-1\">15.08.2010<\/td><td class=\"column-2\">Gardaseeberge, Arco<\/td><td class=\"column-3\"><a href=\"http:\/\/www.seilverhau.de\/alben\/arco1008\/\" target=\"_blank\" rel=\"noopener noreferrer\">Monte Colt\/San Paolo Nord, Via Nereidi (4 SL)<\/a><\/td><td class=\"column-4\"><\/td><td class=\"column-5\">V+<\/td><td class=\"column-6\"><\/td>\n<\/tr>\n<tr class=\"row-48\">\n\t<td class=\"column-1\">16.08.2010<\/td><td class=\"column-2\">Gardaseeberge, Arco<\/td><td class=\"column-3\"><a href=\"http:\/\/www.seilverhau.de\/alben\/arco1008\/\" target=\"_blank\" rel=\"noopener noreferrer\">Picol Dain, Amazonia (10 SL)<\/a><\/td><td class=\"column-4\"><\/td><td class=\"column-5\">VI<\/td><td class=\"column-6\"><\/td>\n<\/tr>\n<tr class=\"row-49\">\n\t<td class=\"column-1\">17.08.2010<\/td><td class=\"column-2\">Gardaseeberge, Arco<\/td><td class=\"column-3\"><a href=\"http:\/\/www.seilverhau.de\/alben\/arco1008\/\" target=\"_blank\" rel=\"noopener noreferrer\">Monte Colt\/San Paolo S\u00fcd, Via Adonis (6 SL)<\/a><\/td><td class=\"column-4\"><\/td><td class=\"column-5\">VI<\/td><td class=\"column-6\"><\/td>\n<\/tr>\n<tr class=\"row-50\">\n\t<td class=\"column-1\">01.08.2010<\/td><td class=\"column-2\">Karwendel, Mittenwald<\/td><td class=\"column-3\">Kreuzwand, MaMa-Kante (12 SL)<\/td><td class=\"column-4\">2123<\/td><td class=\"column-5\">V+<\/td><td class=\"column-6\">Mit Bike und Patschen<\/td>\n<\/tr>\n<tr class=\"row-51\">\n\t<td class=\"column-1\">27.06.2010<\/td><td class=\"column-2\">Wetterstein, Leutasch<\/td><td class=\"column-3\">Sch\u00fcsselkarspitze Westgratturm, Siemens-Wolf-F\u00fchre (6 SL)<\/td><td class=\"column-4\">2480<\/td><td class=\"column-5\">V-<\/td><td class=\"column-6\">Mit Biwak und 1\/8-Finale<\/td>\n<\/tr>\n<tr class=\"row-52\">\n\t<td class=\"column-1\">15.11.2009<\/td><td class=\"column-2\">Bayerische Voralpen, Lenggries<\/td><td class=\"column-3\"><a href=\"http:\/\/www.seilverhau.de\/alben\/demmel09\/\" target=\"_blank\" rel=\"noopener noreferrer\">Demmelspitze, Klettergarten<\/a><\/td><td class=\"column-4\">1158<\/td><td class=\"column-5\">VII-<\/td><td class=\"column-6\">Verschiedene Routen an der Nordwand sowie am D\u00e4umling<\/td>\n<\/tr>\n<tr class=\"row-53\">\n\t<td class=\"column-1\">31.10.2009<\/td><td class=\"column-2\">Bayerischer Wald, Bad K\u00f6tzting<\/td><td class=\"column-3\"><a href=\"http:\/\/www.seilverhau.de\/alben\/kaitersberg09\/\" target=\"_blank\" rel=\"noopener noreferrer\">Kaitersberg, Kreuzfelsen, Klettergarten<\/a><\/td><td class=\"column-4\">999<\/td><td class=\"column-5\">VII<\/td><td class=\"column-6\">Herrliche Kletterei am neuen Bankerl<\/td>\n<\/tr>\n<tr class=\"row-54\">\n\t<td class=\"column-1\">19.09.2009<\/td><td class=\"column-2\">Karwendel, Mittenwald<\/td><td class=\"column-3\"><a href=\"http:\/\/www.seilverhau.de\/alben\/gerber09\/\" target=\"_blank\" rel=\"noopener noreferrer\">Gerberkreuz, S\u00fcdpfeiler (13 SL)<\/a><\/td><td class=\"column-4\">2307<\/td><td class=\"column-5\">VI<\/td><td class=\"column-6\">Bergtour mit allem Drum und Dran. Ab dem Pfeilerkopf \u00fcber den S\u00fcdwestgrat weiter zum Gipfel<\/td>\n<\/tr>\n<tr class=\"row-55\">\n\t<td class=\"column-1\">06.08.2009<\/td><td class=\"column-2\">Wilder Kaiser, Ellmauer Tor<\/td><td class=\"column-3\"><a href=\"http:\/\/www.seilverhau.de\/alben\/christa09\" target=\"_blank\" rel=\"noopener noreferrer\">Christaturm, SO-Kante direkt (10 SL)<\/a><\/td><td class=\"column-4\">2170<\/td><td class=\"column-5\">VI+<\/td><td class=\"column-6\">\u0085 und Versuch des Sonnenpfeilers<\/td>\n<\/tr>\n<tr class=\"row-56\">\n\t<td class=\"column-1\">30.05.2009<\/td><td class=\"column-2\">Dolomiten, Cortina D'Ampezzo<\/td><td class=\"column-3\"><a href=\"http:\/\/www.vogelhansi.de\/2009\/dolos_pfingsten_jun09\/\" target=\"_blank\" rel=\"noopener noreferrer\">Lagazuoi, Klettergarten<\/a><\/td><td class=\"column-4\"><\/td><td class=\"column-5\">V<\/td><td class=\"column-6\">inkl. Sunset-Spaziergang zu den Drei Zinnen und bibbernder K\u00e4lte am Campingplatz<\/td>\n<\/tr>\n<tr class=\"row-57\">\n\t<td class=\"column-1\">01.06.2009<\/td><td class=\"column-2\">Dolomiten, Cortina D'Ampezzo<\/td><td class=\"column-3\"><a href=\"http:\/\/www.vogelhansi.de\/2009\/dolos_pfingsten_jun09\/\" target=\"_blank\" rel=\"noopener noreferrer\">Cinque Torri, Bergf\u00fchrerweg (4 SL)<\/a><\/td><td class=\"column-4\">2350<\/td><td class=\"column-5\">IV+<\/td><td class=\"column-6\"><\/td>\n<\/tr>\n<tr class=\"row-58\">\n\t<td class=\"column-1\">03.06.2009<\/td><td class=\"column-2\">Dolomiten, Cortina D'Ampezzo<\/td><td class=\"column-3\"><a href=\"http:\/\/www.vogelhansi.de\/2009\/dolos_pfingsten_jun09\/\" target=\"_blank\" rel=\"noopener noreferrer\">Kleiner Falzaregoturm, Ghedina-Route (9 SL)<\/a><\/td><td class=\"column-4\"><\/td><td class=\"column-5\">V<\/td><td class=\"column-6\"><\/td>\n<\/tr>\n<tr class=\"row-59\">\n\t<td class=\"column-1\">26.10.2008<\/td><td class=\"column-2\">Bayerische Voralpen, Fleck bei Lenggries<\/td><td class=\"column-3\"><a href=\"http:\/\/www.seilverhau.de\/alben\/buchsteinsued08\" target=\"_blank\" rel=\"noopener noreferrer\">Buchstein, S\u00fcdverschneidung (5 SL)<\/a><\/td><td class=\"column-4\">1701<\/td><td class=\"column-5\">VI-<\/td><td class=\"column-6\">perfektes Bike und Kraxel im goldenen Oktober<\/td>\n<\/tr>\n<tr class=\"row-60\">\n\t<td class=\"column-1\">30.08.2008<\/td><td class=\"column-2\">Wilder Kaiser, Gruttenh\u00fctte<\/td><td class=\"column-3\"><a href=\"http:\/\/www.seilverhau.de\/alben\/kopftoerl08\" target=\"_blank\" rel=\"noopener noreferrer\">Ellmauer Halt, Kopft\u00f6rlgrat<\/a><\/td><td class=\"column-4\">2344<\/td><td class=\"column-5\">III+<\/td><td class=\"column-6\"><\/td>\n<\/tr>\n<tr class=\"row-61\">\n\t<td class=\"column-1\">07.07.2008<\/td><td class=\"column-2\">Wilder Kaiser, Griesner Alm<\/td><td class=\"column-3\"><a href=\"http:\/\/www.seilverhau.de\/alben\/predigt08\/\" target=\"_blank\" rel=\"noopener noreferrer\">Predigtstuhl, Nordkante (16 SL)<\/a><\/td><td class=\"column-4\">2115<\/td><td class=\"column-5\">IV<\/td><td class=\"column-6\">Stichwort: Oppelband!<\/td>\n<\/tr>\n<tr class=\"row-62\">\n\t<td class=\"column-1\">12.05.2008<\/td><td class=\"column-2\">Brandenberger Alpen, Steinberg<\/td><td class=\"column-3\"><a href=\"http:\/\/www.seilverhau.de\/alben\/guffertsued08\/\" target=\"_blank\" rel=\"noopener noreferrer\">Guffertspitze Hauptgipfel, S\u00fcdgrat (8 SL)<\/a><\/td><td class=\"column-4\">2194<\/td><td class=\"column-5\">V+\/ VI-<\/td><td class=\"column-6\">Pfingsttrip, 2. Tag.<\/td>\n<\/tr>\n<tr class=\"row-63\">\n\t<td class=\"column-1\">11.05.2008<\/td><td class=\"column-2\">Chiemgauer Alpen, Aschau<\/td><td class=\"column-3\"><a href=\"http:\/\/www.seilverhau.de\/alben\/kampen08\/\" target=\"_blank\" rel=\"noopener noreferrer\">Kampenwand Hauptgipfel, S\u00fcdwand (4 SL) und S\u00fcdostwand (5 SL)<\/a><\/td><td class=\"column-4\">1668<\/td><td class=\"column-5\">VI-<\/td><td class=\"column-6\">Pfingsttrip, 1. Tag.<\/td>\n<\/tr>\n<tr class=\"row-64\">\n\t<td class=\"column-1\">05.09.2007<\/td><td class=\"column-2\">Gardaseeberge, Sarche<\/td><td class=\"column-3\"><a href=\"http:\/\/www.seilverhau.de\/alben\/arco070905\/\" target=\"_blank\" rel=\"noopener noreferrer\">Picol Dain, Orizzonti Dolomitici (10 SL)<\/a><\/td><td class=\"column-4\">971<\/td><td class=\"column-5\">V+<\/td><td class=\"column-6\"><\/td>\n<\/tr>\n<tr class=\"row-65\">\n\t<td class=\"column-1\">04.09.2007<\/td><td class=\"column-2\">Gardaseeberge, Arco<\/td><td class=\"column-3\"><a href=\"http:\/\/www.seilverhau.de\/alben\/arco070904\/\" target=\"_blank\" rel=\"noopener noreferrer\">Massone, Klettergarten<\/a><\/td><td class=\"column-4\"><\/td><td class=\"column-5\">VII-<\/td><td class=\"column-6\"><\/td>\n<\/tr>\n<tr class=\"row-66\">\n\t<td class=\"column-1\">18.08.2007<\/td><td class=\"column-2\">Rofan, Maurach<\/td><td class=\"column-3\"><a href=\"http:\/\/www.vogelhansi.de\/2007\/klettern\/rotspitze_rofan\/\" target=\"_blank\" rel=\"noopener noreferrer\">Rotspitze, Alte S\u00fcdwand (1 SL) und Rebitschkante (2 SL)<\/a><\/td><td class=\"column-4\">2067<\/td><td class=\"column-5\">VI-<\/td><td class=\"column-6\"><\/td>\n<\/tr>\n<tr class=\"row-67\">\n\t<td class=\"column-1\">09.06.2007<\/td><td class=\"column-2\">Bayerischer Wald, Hohenwarth<\/td><td class=\"column-3\"><a href=\"http:\/\/www.seilverhau.de\/alben\/kaitersberg07\/\" target=\"_blank\" rel=\"noopener noreferrer\">Kaitersberg, Klettergarten<\/a><\/td><td class=\"column-4\">1132<\/td><td class=\"column-5\">VI+<\/td><td class=\"column-6\"><\/td>\n<\/tr>\n<tr class=\"row-68\">\n\t<td class=\"column-1\">19.05.2007<\/td><td class=\"column-2\">Bayerische Voralpen\/ Mangfallgebirge, Kreuth<\/td><td class=\"column-3\"><a href=\"http:\/\/www.seilverhau.de\/alben\/daffen07\/\" target=\"_blank\" rel=\"noopener noreferrer\">Daffensteine, Klettergarten<\/a><\/td><td class=\"column-4\">1546<\/td><td class=\"column-5\">VI+<\/td><td class=\"column-6\"><\/td>\n<\/tr>\n<tr class=\"row-69\">\n\t<td class=\"column-1\">26.11.2006<\/td><td class=\"column-2\">Bayerische Voralpen\/ Mangfallgebirge, Sudelfeld<\/td><td class=\"column-3\"><a href=\"http:\/\/www.seilverhau.de\/alben\/kaserer06\/index.htm\" target=\"_blank\" rel=\"noopener noreferrer\">Kasererwand, Klettergarten<\/a><\/td><td class=\"column-4\">1670<\/td><td class=\"column-5\">VI+<\/td><td class=\"column-6\"><\/td>\n<\/tr>\n<tr class=\"row-70\">\n\t<td class=\"column-1\">23.09.2006<\/td><td class=\"column-2\">Bayerische Voralpen\/ Mangfallgebirge, Osterhofen<\/td><td class=\"column-3\"><a href=\"http:\/\/www.seilverhau.de\/alben\/ruchen06\/index.htm\" target=\"_blank\" rel=\"noopener noreferrer\">Ruchenk\u00f6pfe, D\u00fclfer-Riss (3 SL) und Westwandrouten<\/a><\/td><td class=\"column-4\">1805<\/td><td class=\"column-5\">VI+<\/td><td class=\"column-6\"><\/td>\n<\/tr>\n<tr class=\"row-71\">\n\t<td class=\"column-1\">22.07.2006<\/td><td class=\"column-2\">Bayerische Voralpen\/ Mangfallgebirge, Bayerwald<\/td><td class=\"column-3\"><a href=\"http:\/\/www.seilverhau.de\/alben\/rossstein06\/index.htm\" target=\"_blank\" rel=\"noopener noreferrer\">Rossstein, Routen an der Rosssteinnadel<\/a><\/td><td class=\"column-4\">1698<\/td><td class=\"column-5\">VI<\/td><td class=\"column-6\"><\/td>\n<\/tr>\n<tr class=\"row-72\">\n\t<td class=\"column-1\">28.05.2006<\/td><td class=\"column-2\">Gardaseeberge, Pietramurata<\/td><td class=\"column-3\"><a href=\"http:\/\/www.seilverhau.de\/alben\/sonnenplatten06\/index.htm\" target=\"_blank\" rel=\"noopener noreferrer\">Monte Brento, Sonnenplatten Via Rita (15 SL)<\/a><\/td><td class=\"column-4\"><\/td><td class=\"column-5\">IV+<\/td><td class=\"column-6\">Im Rahmen eines DAV-Kletterkurses.<\/td>\n<\/tr>\n<tr class=\"row-73\">\n\t<td class=\"column-1\">08.10.2005<\/td><td class=\"column-2\">Wilder Kaiser, Gaudeamush\u00fctte<\/td><td class=\"column-3\">Vordere Karlspitze\/Friedrichsturm, K\u00fcbelkar Sinfonie (9 SL)<\/td><td class=\"column-4\">2165<\/td><td class=\"column-5\">IV+<\/td><td class=\"column-6\">(Und ich Depp verlier in der heiklen Abseilrinne meine Kamera samt Speicherkarte \u0085)<\/td>\n<\/tr>\n<tr class=\"row-74\">\n\t<td class=\"column-1\">13.08.2005<\/td><td class=\"column-2\">Dolomiten, Sellajoch<\/td><td class=\"column-3\"><a href=\"http:\/\/www.seilverhau.de\/alben\/grohmann05\/index.htm\" target=\"_blank\" rel=\"noopener noreferrer\">Grohmannspitze, S\u00fcdwand Dimai\/ E\u00f6tv\u00f6s (12 SL), abgebrochen<\/a><\/td><td class=\"column-4\">3114<\/td><td class=\"column-5\">IV<\/td><td class=\"column-6\">2. Tag. R\u00fcckzug wg. Wetterumschwung. 2. Tour der Rubrik Dolomitenlehrstunde.<\/td>\n<\/tr>\n<tr class=\"row-75\">\n\t<td class=\"column-1\">12.08.2005<\/td><td class=\"column-2\">Dolomiten, Sellajoch<\/td><td class=\"column-3\"><a href=\"http:\/\/www.seilverhau.de\/alben\/kasna05\/index.htm\" target=\"_blank\" rel=\"noopener noreferrer\">Zweiter Sellaturm, Nordwand Kasnapoff (11 SL), abgebrochen<\/a><\/td><td class=\"column-4\">2598<\/td><td class=\"column-5\">IV+<\/td><td class=\"column-6\">1. Tag am Sellapass. R\u00fcckzug nach Verhauer.<\/td>\n<\/tr>\n<tr class=\"row-76\">\n\t<td class=\"column-1\">17.07.2005<\/td><td class=\"column-2\">Wetterstein, Hammersbach<\/td><td class=\"column-3\"><a href=\"http:\/\/www.seilverhau.de\/alben\/alpspitz05\/index.htm\" target=\"_blank\" rel=\"noopener noreferrer\">Alpspitze, KG-Weg (7 SL bis Herzl)<\/a><\/td><td class=\"column-4\">2628<\/td><td class=\"column-5\">V<\/td><td class=\"column-6\"><\/td>\n<\/tr>\n<tr class=\"row-77\">\n\t<td class=\"column-1\">16.07.2005<\/td><td class=\"column-2\">Bayerische Voralpen\/ Mangfallgebirge, Sudelfeld<\/td><td class=\"column-3\"><a href=\"http:\/\/www.seilverhau.de\/alben\/kaserer05\/index.htm\" target=\"_blank\" rel=\"noopener noreferrer\">Kasererwand, Klettergarten<\/a><\/td><td class=\"column-4\">1670<\/td><td class=\"column-5\">V-<\/td><td class=\"column-6\"><\/td>\n<\/tr>\n<tr class=\"row-78\">\n\t<td class=\"column-1\">03.07.2005<\/td><td class=\"column-2\">Bayerische Voralpen\/ Mangfallgebirge, Sutten<\/td><td class=\"column-3\"><a href=\"http:\/\/www.seilverhau.de\/alben\/planken05-07\/index.htm\" target=\"_blank\" rel=\"noopener noreferrer\">Plankenstein, direkter Ostgrat (4 SL)<\/a><\/td><td class=\"column-4\">1768<\/td><td class=\"column-5\">IV+<\/td><td class=\"column-6\"><\/td>\n<\/tr>\n<tr class=\"row-79\">\n\t<td class=\"column-1\">18.06.2005<\/td><td class=\"column-2\">Bayerische Voralpen\/ Mangfallgebirge, Bayerwald<\/td><td class=\"column-3\"><a href=\"http:\/\/www.seilverhau.de\/alben\/rossstein05\/index.htm\" target=\"_blank\" rel=\"noopener noreferrer\">Rossstein, Rosssteinnadel Normalweg \u00fcber die Westkante (3 SL) und S\u00fcdwandplatten Veni Vidi Vici (3 SL)<\/a><\/td><td class=\"column-4\">1698<\/td><td class=\"column-5\">VI-<\/td><td class=\"column-6\">Wg. Regen: Tegernsee statt Wilder Kaiser.<\/td>\n<\/tr>\n<tr class=\"row-80\">\n\t<td class=\"column-1\">30.05.2005<\/td><td class=\"column-2\">Gardaseeberge, Torbole<\/td><td class=\"column-3\"><a href=\"http:\/\/www.seilverhau.de\/alben\/arco05\/index.htm\" target=\"_blank\" rel=\"noopener noreferrer\">Punta Corno di Bo, Kuki (2 SL)<\/a><\/td><td class=\"column-4\"><\/td><td class=\"column-5\">V<\/td><td class=\"column-6\"><\/td>\n<\/tr>\n<tr class=\"row-81\">\n\t<td class=\"column-1\">01.06.2005<\/td><td class=\"column-2\">Gardaseeberge, Pietramurata<\/td><td class=\"column-3\"><a href=\"http:\/\/www.seilverhau.de\/alben\/arco05\/index.htm\" target=\"_blank\" rel=\"noopener noreferrer\">Monte Brento, Sonnenplatten Via 46\u00b0 Parallelo (7 SL)<\/a><\/td><td class=\"column-4\"><\/td><td class=\"column-5\">IV<\/td><td class=\"column-6\"><\/td>\n<\/tr>\n<tr class=\"row-82\">\n\t<td class=\"column-1\">02.06.2005<\/td><td class=\"column-2\">Gardaseeberge, Arco<\/td><td class=\"column-3\"><a href=\"http:\/\/www.seilverhau.de\/alben\/arco05\/index.htm\" target=\"_blank\" rel=\"noopener noreferrer\">Monte Baone, Platten<\/a><\/td><td class=\"column-4\"><\/td><td class=\"column-5\">IV+<\/td><td class=\"column-6\"><\/td>\n<\/tr>\n<tr class=\"row-83\">\n\t<td class=\"column-1\">26.05.2005<\/td><td class=\"column-2\">Bayerische Voralpen\/ Mangfallgebirge, Sutten<\/td><td class=\"column-3\">Plankenstein, direkter Ostgrat (4 SL)<\/td><td class=\"column-4\">1768<\/td><td class=\"column-5\">IV+<\/td><td class=\"column-6\"><\/td>\n<\/tr>\n<tr class=\"row-84\">\n\t<td class=\"column-1\">03.04.2005<\/td><td class=\"column-2\">Chiemgauer Alpen, Aschau<\/td><td class=\"column-3\">Kampenwand Westgipfel, Alte S\u00fcd (5 SL) und Torweg (4 SL)<\/td><td class=\"column-4\">1640<\/td><td class=\"column-5\">IV-<\/td><td class=\"column-6\"><\/td>\n<\/tr>\n<tr class=\"row-85\">\n\t<td class=\"column-1\">11.12.2004<\/td><td class=\"column-2\">Bayerische Voralpen\/ Mangfallgebirge, Bayerwald<\/td><td class=\"column-3\"><a href=\"http:\/\/www.seilverhau.de\/alben\/rossstein04\/index.htm\" target=\"_blank\" rel=\"noopener noreferrer\">Rossstein, S\u00fcdwandplatten Veni Vidi Vici (3 SL)<\/a><\/td><td class=\"column-4\">1698<\/td><td class=\"column-5\">VI-<\/td><td class=\"column-6\">Ein herrlicher Winter-Klettertag.<\/td>\n<\/tr>\n<tr class=\"row-86\">\n\t<td class=\"column-1\">24.10.2004<\/td><td class=\"column-2\">Chiemgauer Alpen, Aschau<\/td><td class=\"column-3\"><a href=\"http:\/\/www.seilverhau.de\/alben\/kampen04\/index.htm\" target=\"_blank\" rel=\"noopener noreferrer\">Kampenwand Westgipfel, Alte S\u00fcd (5 SL) und Hansenri\u00df<\/a><\/td><td class=\"column-4\">1640<\/td><td class=\"column-5\">IV+<\/td><td class=\"column-6\"><\/td>\n<\/tr>\n<tr class=\"row-87\">\n\t<td class=\"column-1\">05.09.2004<\/td><td class=\"column-2\">Chiemgauer Alpen, Aschau<\/td><td class=\"column-3\"><a href=\"http:\/\/www.seilverhau.de\/alben\/kampen3\/index.htm\" target=\"_blank\" rel=\"noopener noreferrer\">Kampenwand Hauptgipfel, Kampenwand\u00fcberschreitung<\/a><\/td><td class=\"column-4\">1668<\/td><td class=\"column-5\">IV+<\/td><td class=\"column-6\"><\/td>\n<\/tr>\n<tr class=\"row-88\">\n\t<td class=\"column-1\">15.05.2004<\/td><td class=\"column-2\">Wilder Kaiser, Gaudeamush\u00fctte<\/td><td class=\"column-3\"><a href=\"http:\/\/www.seilverhau.de\/alben\/kuebelkar\/index.htm\" target=\"_blank\" rel=\"noopener noreferrer\">Vordere Karlspitze\/ Friedrichsturm, K\u00fcbelkar Sinfonie (9 SL), abgebrochen in der 3. SL<\/a><\/td><td class=\"column-4\">2165<\/td><td class=\"column-5\">IV+<\/td><td class=\"column-6\">Abbruch wg. Schneerutsche.<\/td>\n<\/tr>\n<tr class=\"row-89\">\n\t<td class=\"column-1\">19.09.2003<\/td><td class=\"column-2\">Karwendel, Falzthurntal\/ Gramaialm<\/td><td class=\"column-3\"><a href=\"http:\/\/www.seilverhau.de\/alben\/lamsenspitze\/index.htm\" target=\"_blank\" rel=\"noopener noreferrer\">Lamsenspitze, Nordost-Kante (13 SL)<\/a><\/td><td class=\"column-4\">2508<\/td><td class=\"column-5\">IV+<\/td><td class=\"column-6\"><\/td>\n<\/tr>\n<tr class=\"row-90\">\n\t<td class=\"column-1\">19.07.2003<\/td><td class=\"column-2\">Wilder Kaiser, Scheffau<\/td><td class=\"column-3\"><a href=\"http:\/\/www.seilverhau.de\/alben\/kopfkraxen\/index.htm\" target=\"_blank\" rel=\"noopener noreferrer\">Kopfkraxen, Kraxengrat (14 SL)<\/a><\/td><td class=\"column-4\">2178<\/td><td class=\"column-5\">IV-<\/td><td class=\"column-6\"><\/td>\n<\/tr>\n<tr class=\"row-91\">\n\t<td class=\"column-1\">29.06.2003<\/td><td class=\"column-2\">Rofan, Kramsach<\/td><td class=\"column-3\"><a href=\"http:\/\/www.seilverhau.de\/alben\/rofan\/index.htm\" target=\"_blank\" rel=\"noopener noreferrer\">Rofanspitze, Ostwand (5 SL)<\/a><\/td><td class=\"column-4\">2259<\/td><td class=\"column-5\">V<\/td><td class=\"column-6\"><\/td>\n<\/tr>\n<tr class=\"row-92\">\n\t<td class=\"column-1\">14.06.2003<\/td><td class=\"column-2\">Wilder Kaiser, Stripsenjoch<\/td><td class=\"column-3\"><a href=\"http:\/\/www.seilverhau.de\/alben\/strips\/index.htm\" target=\"_blank\" rel=\"noopener noreferrer\">Totenkirchl, F\u00fchrerweg, abgebrochen in der 8. SL<\/a><\/td><td class=\"column-4\">2190<\/td><td class=\"column-5\">III<\/td><td class=\"column-6\"><\/td>\n<\/tr>\n<tr class=\"row-93\">\n\t<td class=\"column-1\">15.06.2003<\/td><td class=\"column-2\">Wilder Kaiser, Stripsenjoch<\/td><td class=\"column-3\"><a href=\"http:\/\/www.seilverhau.de\/alben\/strips\/index.htm\" target=\"_blank\" rel=\"noopener noreferrer\">Gamswandl, Klettergarten<\/a><\/td><td class=\"column-4\"><\/td><td class=\"column-5\">IV+<\/td><td class=\"column-6\"><\/td>\n<\/tr>\n<tr class=\"row-94\">\n\t<td class=\"column-1\">31.05.2003<\/td><td class=\"column-2\">Bayerische Voralpen\/ Mangfallgebirge, Bayerwald<\/td><td class=\"column-3\"><a href=\"http:\/\/www.seilverhau.de\/alben\/rossstein\/index.htm\" target=\"_blank\" rel=\"noopener noreferrer\">Rossstein, Rosssteinnadel Normalweg \u00fcber die Westkante (3 SL)<\/a><\/td><td class=\"column-4\">1698<\/td><td class=\"column-5\">III<\/td><td class=\"column-6\"><\/td>\n<\/tr>\n<tr class=\"row-95\">\n\t<td class=\"column-1\">03.05.2003<\/td><td class=\"column-2\">Chiemgauer Alpen, Aschau<\/td><td class=\"column-3\"><a href=\"http:\/\/www.seilverhau.de\/alben\/kampenwand2\/index.htm\" target=\"_blank\" rel=\"noopener noreferrer\">Kampenwand Westgipfel, Alte S\u00fcd (5 SL)<\/a><\/td><td class=\"column-4\">1640<\/td><td class=\"column-5\">IV+<\/td><td class=\"column-6\"><\/td>\n<\/tr>\n<\/tbody>\n<\/table>\n<!-- #tablepress-68 from cache -->\n","protected":false},"excerpt":{"rendered":"","protected":false},"author":1,"featured_media":0,"parent":0,"menu_order":1,"comment_status":"closed","ping_status":"closed","template":"","meta":{"footnotes":""},"class_list":["post-27","page","type-page","status-publish","hentry"],"_links":{"self":[{"href":"https:\/\/www.seilverhau.de\/index.php?rest_route=\/wp\/v2\/pages\/27","targetHints":{"allow":["GET"]}}],"collection":[{"href":"https:\/\/www.seilverhau.de\/index.php?rest_route=\/wp\/v2\/pages"}],"about":[{"href":"https:\/\/www.seilverhau.de\/index.php?rest_route=\/wp\/v2\/types\/page"}],"author":[{"embeddable":true,"href":"https:\/\/www.seilverhau.de\/index.php?rest_route=\/wp\/v2\/users\/1"}],"replies":[{"embeddable":true,"href":"https:\/\/www.seilverhau.de\/index.php?rest_route=%2Fwp%2Fv2%2Fcomments&post=27"}],"version-history":[{"count":39,"href":"https:\/\/www.seilverhau.de\/index.php?rest_route=\/wp\/v2\/pages\/27\/revisions"}],"predecessor-version":[{"id":1500,"href":"https:\/\/www.seilverhau.de\/index.php?rest_route=\/wp\/v2\/pages\/27\/revisions\/1500"}],"wp:attachment":[{"href":"https:\/\/www.seilverhau.de\/index.php?rest_route=%2Fwp%2Fv2%2Fmedia&parent=27"}],"curies":[{"name":"wp","href":"https:\/\/api.w.org\/{rel}","templated":true}]}}